{"id":2135,"date":"2022-05-05T10:33:51","date_gmt":"2022-05-05T08:33:51","guid":{"rendered":"https:\/\/www.komtu.org\/escola-mitja-costa\/"},"modified":"2023-11-20T10:29:20","modified_gmt":"2023-11-20T09:29:20","slug":"escuela-mitja-costa","status":"publish","type":"page","link":"https:\/\/www.komtu.org\/es\/escuela-mitja-costa\/","title":{"rendered":"ESCUELA MITJA COSTA"},"content":{"rendered":"<div class=\"wpb-content-wrapper\"><p>[vc_row unlock_row_content=\u00bbyes\u00bb row_height_percent=\u00bb0&#8243; override_padding=\u00bbyes\u00bb h_padding=\u00bb0&#8243; top_padding=\u00bb2&#8243; bottom_padding=\u00bb0&#8243; overlay_alpha=\u00bb50&#8243; gutter_size=\u00bb3&#8243; column_width_percent=\u00bb40&#8243; shift_y=\u00bb0&#8243; z_index=\u00bb0&#8243; uncode_shortcode_id=\u00bb117802&#8243;][vc_column column_width_percent=\u00bb0&#8243; gutter_size=\u00bb3&#8243; overlay_alpha=\u00bb50&#8243; shift_x=\u00bb0&#8243; shift_y=\u00bb0&#8243; shift_y_down=\u00bb0&#8243; z_index=\u00bb0&#8243; medium_width=\u00bb0&#8243; mobile_width=\u00bb0&#8243; width=\u00bb1\/1&#8243; uncode_shortcode_id=\u00bb122986&#8243;][vc_empty_space empty_h=\u00bb0&#8243;][\/vc_column][\/vc_row][vc_row unlock_row=\u00bb\u00bb row_height_percent=\u00bb0&#8243; override_padding=\u00bbyes\u00bb h_padding=\u00bb2&#8243; top_padding=\u00bb1&#8243; bottom_padding=\u00bb1&#8243; overlay_alpha=\u00bb50&#8243; gutter_size=\u00bb3&#8243; column_width_percent=\u00bb100&#8243; shift_y=\u00bb0&#8243; z_index=\u00bb0&#8243; uncode_shortcode_id=\u00bb141143&#8243; back_color_type=\u00bbuncode-solid\u00bb back_color_solid=\u00bb#ee7140&#8243;][vc_column column_width_percent=\u00bb100&#8243; gutter_size=\u00bb3&#8243; override_padding=\u00bbyes\u00bb column_padding=\u00bb2&#8243; overlay_alpha=\u00bb50&#8243; shift_x=\u00bb0&#8243; shift_y=\u00bb0&#8243; shift_y_down=\u00bb0&#8243; z_index=\u00bb0&#8243; medium_width=\u00bb0&#8243; mobile_width=\u00bb0&#8243; width=\u00bb1\/1&#8243; uncode_shortcode_id=\u00bb124918&#8243;][vc_column_text text_color=\u00bbcolor-xsdn\u00bb uncode_shortcode_id=\u00bb204839&#8243; text_color_type=\u00bbuncode-palette\u00bb]La Escuela Mitja Costa es una escuela peque\u00f1a y cercana, situada en Barcelona, que favorece una atenci\u00f3n individualizada del alumnado.<\/p>\n<p>Su objetivo es proporcionar a los ni\u00f1os y ni\u00f1as las herramientas necesarias para que puedan desarrollar las capacidades que los har\u00e1n crecer y convertirse en personas competentes ante la vida.<\/p>\n<p>Su papel es acompa\u00f1ar y orientar al alumnado en el compromiso con su aprendizaje, en la adquisici\u00f3n de estrategias y herramientas que lo hagan competente, en el progreso de la comunicaci\u00f3n, expresi\u00f3n y en el desarrollo de sus capacidades emocionales y sociales en un entorno estimulante.[\/vc_column_text][\/vc_column][\/vc_row][vc_row unlock_row_content=\u00bbyes\u00bb row_height_percent=\u00bb0&#8243; override_padding=\u00bbyes\u00bb h_padding=\u00bb0&#8243; top_padding=\u00bb0&#8243; bottom_padding=\u00bb0&#8243; overlay_alpha=\u00bb50&#8243; gutter_size=\u00bb3&#8243; column_width_percent=\u00bb40&#8243; shift_y=\u00bb0&#8243; z_index=\u00bb0&#8243; uncode_shortcode_id=\u00bb104916&#8243;][vc_column column_width_percent=\u00bb0&#8243; gutter_size=\u00bb3&#8243; overlay_alpha=\u00bb50&#8243; shift_x=\u00bb0&#8243; shift_y=\u00bb0&#8243; shift_y_down=\u00bb0&#8243; z_index=\u00bb0&#8243; medium_width=\u00bb0&#8243; mobile_width=\u00bb0&#8243; width=\u00bb1\/1&#8243; uncode_shortcode_id=\u00bb122986&#8243;][vc_empty_space empty_h=\u00bb0&#8243;][\/vc_column][\/vc_row][vc_row row_height_percent=\u00bb0&#8243; overlay_alpha=\u00bb50&#8243; gutter_size=\u00bb3&#8243; column_width_percent=\u00bb100&#8243; shift_y=\u00bb0&#8243; z_index=\u00bb0&#8243;][vc_column width=\u00bb1\/1&#8243;][vc_row_inner row_inner_height_percent=\u00bb0&#8243; overlay_alpha=\u00bb50&#8243; gutter_size=\u00bb2&#8243; shift_y=\u00bb0&#8243; z_index=\u00bb0&#8243; uncode_shortcode_id=\u00bb687777&#8243;][vc_column_inner width=\u00bb1\/3&#8243;][vc_icon position=\u00bbleft\u00bb space_reduced=\u00bbyes\u00bb icon=\u00bbfa fa-building\u00bb heading_semantic=\u00bbh6&#8243; text_size=\u00bb\u00bb text_lead=\u00bbsmall\u00bb link=\u00bb|||\u00bb title=\u00bbDirecci\u00f3n\u00bb uncode_shortcode_id=\u00bb160396&#8243; icon_color_type=\u00bbuncode-solid\u00bb icon_color_solid=\u00bb#ee7140&#8243;]<span style=\"color: #000000\"><span style=\"font-weight: 400\">Avenida Terra Nostra, s\/n, <\/span><span style=\"font-weight: 400\">08110 Moncada y Reixach<\/span><\/span>[\/vc_icon][\/vc_column_inner][vc_column_inner width=\u00bb1\/3&#8243;][vc_icon position=\u00bbleft\u00bb space_reduced=\u00bbyes\u00bb icon=\u00bbfa fa-home2&#8243; heading_semantic=\u00bbh6&#8243; text_size=\u00bbh6&#8243; linked_title=\u00bbyes\u00bb text_lead=\u00bbsmall\u00bb title=\u00bbWeb\u00bb uncode_shortcode_id=\u00bb151516&#8243; icon_color_type=\u00bbuncode-solid\u00bb icon_color_solid=\u00bb#ee7140&#8243;]<a href=\"https:\/\/agora.xtec.cat\/ceip-mitja-costa\/\">Acceder<\/a>[\/vc_icon][\/vc_column_inner][vc_column_inner column_width_percent=\u00bb100&#8243; position_horizontal=\u00bbleft\u00bb gutter_size=\u00bb3&#8243; overlay_alpha=\u00bb50&#8243; shift_x=\u00bb0&#8243; shift_y=\u00bb0&#8243; shift_y_down=\u00bb0&#8243; z_index=\u00bb0&#8243; medium_width=\u00bb0&#8243; mobile_width=\u00bb0&#8243; width=\u00bb1\/3&#8243; uncode_shortcode_id=\u00bb374978&#8243;][vc_icon position=\u00bbleft\u00bb space_reduced=\u00bbyes\u00bb icon=\u00bbfa fa-instagram\u00bb heading_semantic=\u00bbh6&#8243; text_size=\u00bbh6&#8243; linked_title=\u00bbyes\u00bb text_lead=\u00bbsmall\u00bb title=\u00bbInstagram\u00bb uncode_shortcode_id=\u00bb126013&#8243; icon_color_type=\u00bbuncode-solid\u00bb icon_color_solid=\u00bb#ee7140&#8243;]<a href=\"https:\/\/www.instagram.com\/escolamitjacosta\/\">@escolamitjacosta<\/a>[\/vc_icon][\/vc_column_inner][\/vc_row_inner][\/vc_column][\/vc_row][vc_row][vc_column width=\u00bb1\/1&#8243;][vc_row_inner][vc_column_inner width=\u00bb1\/3&#8243;][vc_single_image media=\u00bb2028&#8243; media_lightbox=\u00bbyes\u00bb media_width_percent=\u00bb100&#8243; media_ratio=\u00bbone-one\u00bb uncode_shortcode_id=\u00bb371767&#8243;][\/vc_column_inner][vc_column_inner width=\u00bb2\/3&#8243;][vc_column_text text_lead=\u00bbyes\u00bb uncode_shortcode_id=\u00bb169198&#8243;]<\/p>\n<blockquote><p><em><span style=\"font-weight: 400\">\u00ab<\/span><\/em><em>Como equipo docente vemos la necesidad de mejorar el bienestar emocional y relacional de los ni\u00f1os, trabajando valores como la empat\u00eda, la solidaridad, la colaboraci\u00f3n, la cooperaci\u00f3n, as\u00ed como la importancia del sentimiento de pertenencia al grupo.\u00a0<\/em><\/p>\n<p><em>El Komt\u00fc nos ofrece la oportunidad de crecer como Comunidad, mejorando nuestros v\u00ednculos.\u00a0 Nos invita a hacer un cambio de mirada, ofreci\u00e9ndonos asesoramiento y herramientas para poder crear un entorno positivo, en el que acompa\u00f1ar a nuestro alumnado en el descubrimiento y la gesti\u00f3n de sus emociones.\u00a0<\/em><\/p>\n<p><em>Estamos muy animados e ilusionados en este nuevo viaje que nos aporta estrategias, con el fin de acompa\u00f1ar a los ni\u00f1os para que sean capaces de identificar y regular sus emociones, a trav\u00e9s del v\u00ednculo con los adultos referentes. Queremos transformar las experiencias relacionales en vivencias positivas y de confianza hacia nuestro alumnado, para mejorar el aprendizaje, la adquisici\u00f3n de habilidades, los valores o las capacidades b\u00e1sicas.<\/em><em>\u00ab<\/em><\/p>\n<p><strong>Equipo docente de la Escuela Mitja Costa.<\/strong><\/p><\/blockquote>\n<p>[\/vc_column_text][\/vc_column_inner][\/vc_row_inner][vc_empty_space empty_h=\u00bb2&#8243;][\/vc_column][\/vc_row]<\/p>\n<\/div>","protected":false},"excerpt":{"rendered":"[vc_row unlock_row_content=\"yes\" row_height_percent=\"0\" override_padding=\"yes\" h_padding=\"0\" top_padding=\"2\" bottom_padding=\"0\" overlay_alpha=\"50\" gutter_size=\"3\" column_width_percent=\"40\" shift_y=\"0\" z_index=\"0\" uncode_shortcode_id=\"117802\"][vc_column column_width_percent=\"0\" gutter_size=\"3\" overlay_alpha=\"50\" shift_x=\"0\" shift_y=\"0\" shift_y_down=\"0\" z_index=\"0\" [...]","protected":false},"author":2,"featured_media":2039,"parent":0,"menu_order":0,"comment_status":"closed","ping_status":"closed","template":"","meta":{"footnotes":""},"class_list":["post-2135","page","type-page","status-publish","has-post-thumbnail","hentry","page_category-escuelas-komtu"],"yoast_head":"<!-- This site is optimized with the Yoast SEO plugin v27.4 - https:\/\/yoast.com\/product\/yoast-seo-wordpress\/ -->\n<title>ESCUELA MITJA COSTA - Komtu<\/title>\n<meta name=\"description\" content=\"La Escuela Mitja Costa es una escuela peque\u00f1a y cercana, situada en Barcelona, que favorece una atenci\u00f3n individualizada del alumnado.\" \/>\n<meta name=\"robots\" content=\"index, follow, max-snippet:-1, max-image-preview:large, max-video-preview:-1\" \/>\n<link rel=\"canonical\" href=\"https:\/\/www.komtu.org\/es\/escuela-mitja-costa\/\" \/>\n<meta property=\"og:locale\" content=\"es_ES\" \/>\n<meta property=\"og:type\" content=\"article\" \/>\n<meta property=\"og:title\" content=\"ESCUELA MITJA COSTA - Komtu\" \/>\n<meta property=\"og:description\" content=\"La Escuela Mitja Costa es una escuela peque\u00f1a y cercana, situada en Barcelona, que favorece una atenci\u00f3n individualizada del alumnado.\" \/>\n<meta property=\"og:url\" content=\"https:\/\/www.komtu.org\/es\/escuela-mitja-costa\/\" \/>\n<meta property=\"og:site_name\" content=\"Komtu\" \/>\n<meta property=\"article:modified_time\" content=\"2023-11-20T09:29:20+00:00\" \/>\n<meta property=\"og:image\" content=\"https:\/\/www.komtu.org\/wp-content\/uploads\/sites\/3\/2022\/05\/1205_2_Escola_MitjaCosta-copia-1-1024x556.png\" \/>\n\t<meta property=\"og:image:width\" content=\"1024\" \/>\n\t<meta property=\"og:image:height\" content=\"556\" \/>\n\t<meta property=\"og:image:type\" content=\"image\/png\" \/>\n<meta name=\"twitter:card\" content=\"summary_large_image\" \/>\n<meta name=\"twitter:label1\" content=\"Tiempo de lectura\" \/>\n\t<meta name=\"twitter:data1\" content=\"2 minutos\" \/>\n<script type=\"application\/ld+json\" class=\"yoast-schema-graph\">{\"@context\":\"https:\\\/\\\/schema.org\",\"@graph\":[{\"@type\":\"WebPage\",\"@id\":\"https:\\\/\\\/www.komtu.org\\\/es\\\/escuela-mitja-costa\\\/\",\"url\":\"https:\\\/\\\/www.komtu.org\\\/es\\\/escuela-mitja-costa\\\/\",\"name\":\"ESCUELA MITJA COSTA - Komtu\",\"isPartOf\":{\"@id\":\"https:\\\/\\\/www.komtu.org\\\/es\\\/#website\"},\"primaryImageOfPage\":{\"@id\":\"https:\\\/\\\/www.komtu.org\\\/es\\\/escuela-mitja-costa\\\/#primaryimage\"},\"image\":{\"@id\":\"https:\\\/\\\/www.komtu.org\\\/es\\\/escuela-mitja-costa\\\/#primaryimage\"},\"thumbnailUrl\":\"https:\\\/\\\/www.komtu.org\\\/wp-content\\\/uploads\\\/sites\\\/3\\\/2022\\\/05\\\/1205_2_Escola_MitjaCosta-copia-1.png\",\"datePublished\":\"2022-05-05T08:33:51+00:00\",\"dateModified\":\"2023-11-20T09:29:20+00:00\",\"description\":\"La Escuela Mitja Costa es una escuela peque\u00f1a y cercana, situada en Barcelona, que favorece una atenci\u00f3n individualizada del alumnado.\",\"breadcrumb\":{\"@id\":\"https:\\\/\\\/www.komtu.org\\\/es\\\/escuela-mitja-costa\\\/#breadcrumb\"},\"inLanguage\":\"es\",\"potentialAction\":[{\"@type\":\"ReadAction\",\"target\":[\"https:\\\/\\\/www.komtu.org\\\/es\\\/escuela-mitja-costa\\\/\"]}]},{\"@type\":\"ImageObject\",\"inLanguage\":\"es\",\"@id\":\"https:\\\/\\\/www.komtu.org\\\/es\\\/escuela-mitja-costa\\\/#primaryimage\",\"url\":\"https:\\\/\\\/www.komtu.org\\\/wp-content\\\/uploads\\\/sites\\\/3\\\/2022\\\/05\\\/1205_2_Escola_MitjaCosta-copia-1.png\",\"contentUrl\":\"https:\\\/\\\/www.komtu.org\\\/wp-content\\\/uploads\\\/sites\\\/3\\\/2022\\\/05\\\/1205_2_Escola_MitjaCosta-copia-1.png\",\"width\":1600,\"height\":868},{\"@type\":\"BreadcrumbList\",\"@id\":\"https:\\\/\\\/www.komtu.org\\\/es\\\/escuela-mitja-costa\\\/#breadcrumb\",\"itemListElement\":[{\"@type\":\"ListItem\",\"position\":1,\"name\":\"Portada\",\"item\":\"https:\\\/\\\/www.komtu.org\\\/es\\\/\"},{\"@type\":\"ListItem\",\"position\":2,\"name\":\"ESCUELA MITJA COSTA\"}]},{\"@type\":\"WebSite\",\"@id\":\"https:\\\/\\\/www.komtu.org\\\/es\\\/#website\",\"url\":\"https:\\\/\\\/www.komtu.org\\\/es\\\/\",\"name\":\"Komtu\",\"description\":\"Otro sitio m\u00e1s de Nous Cims sitios\",\"potentialAction\":[{\"@type\":\"SearchAction\",\"target\":{\"@type\":\"EntryPoint\",\"urlTemplate\":\"https:\\\/\\\/www.komtu.org\\\/es\\\/?s={search_term_string}\"},\"query-input\":{\"@type\":\"PropertyValueSpecification\",\"valueRequired\":true,\"valueName\":\"search_term_string\"}}],\"inLanguage\":\"es\"}]}<\/script>\n<!-- \/ Yoast SEO plugin. -->","yoast_head_json":{"title":"ESCUELA MITJA COSTA - Komtu","description":"La Escuela Mitja Costa es una escuela peque\u00f1a y cercana, situada en Barcelona, que favorece una atenci\u00f3n individualizada del alumnado.","robots":{"index":"index","follow":"follow","max-snippet":"max-snippet:-1","max-image-preview":"max-image-preview:large","max-video-preview":"max-video-preview:-1"},"canonical":"https:\/\/www.komtu.org\/es\/escuela-mitja-costa\/","og_locale":"es_ES","og_type":"article","og_title":"ESCUELA MITJA COSTA - Komtu","og_description":"La Escuela Mitja Costa es una escuela peque\u00f1a y cercana, situada en Barcelona, que favorece una atenci\u00f3n individualizada del alumnado.","og_url":"https:\/\/www.komtu.org\/es\/escuela-mitja-costa\/","og_site_name":"Komtu","article_modified_time":"2023-11-20T09:29:20+00:00","og_image":[{"width":1024,"height":556,"url":"https:\/\/www.komtu.org\/wp-content\/uploads\/sites\/3\/2022\/05\/1205_2_Escola_MitjaCosta-copia-1-1024x556.png","type":"image\/png"}],"twitter_card":"summary_large_image","twitter_misc":{"Tiempo de lectura":"2 minutos"},"schema":{"@context":"https:\/\/schema.org","@graph":[{"@type":"WebPage","@id":"https:\/\/www.komtu.org\/es\/escuela-mitja-costa\/","url":"https:\/\/www.komtu.org\/es\/escuela-mitja-costa\/","name":"ESCUELA MITJA COSTA - Komtu","isPartOf":{"@id":"https:\/\/www.komtu.org\/es\/#website"},"primaryImageOfPage":{"@id":"https:\/\/www.komtu.org\/es\/escuela-mitja-costa\/#primaryimage"},"image":{"@id":"https:\/\/www.komtu.org\/es\/escuela-mitja-costa\/#primaryimage"},"thumbnailUrl":"https:\/\/www.komtu.org\/wp-content\/uploads\/sites\/3\/2022\/05\/1205_2_Escola_MitjaCosta-copia-1.png","datePublished":"2022-05-05T08:33:51+00:00","dateModified":"2023-11-20T09:29:20+00:00","description":"La Escuela Mitja Costa es una escuela peque\u00f1a y cercana, situada en Barcelona, que favorece una atenci\u00f3n individualizada del alumnado.","breadcrumb":{"@id":"https:\/\/www.komtu.org\/es\/escuela-mitja-costa\/#breadcrumb"},"inLanguage":"es","potentialAction":[{"@type":"ReadAction","target":["https:\/\/www.komtu.org\/es\/escuela-mitja-costa\/"]}]},{"@type":"ImageObject","inLanguage":"es","@id":"https:\/\/www.komtu.org\/es\/escuela-mitja-costa\/#primaryimage","url":"https:\/\/www.komtu.org\/wp-content\/uploads\/sites\/3\/2022\/05\/1205_2_Escola_MitjaCosta-copia-1.png","contentUrl":"https:\/\/www.komtu.org\/wp-content\/uploads\/sites\/3\/2022\/05\/1205_2_Escola_MitjaCosta-copia-1.png","width":1600,"height":868},{"@type":"BreadcrumbList","@id":"https:\/\/www.komtu.org\/es\/escuela-mitja-costa\/#breadcrumb","itemListElement":[{"@type":"ListItem","position":1,"name":"Portada","item":"https:\/\/www.komtu.org\/es\/"},{"@type":"ListItem","position":2,"name":"ESCUELA MITJA COSTA"}]},{"@type":"WebSite","@id":"https:\/\/www.komtu.org\/es\/#website","url":"https:\/\/www.komtu.org\/es\/","name":"Komtu","description":"Otro sitio m\u00e1s de Nous Cims sitios","potentialAction":[{"@type":"SearchAction","target":{"@type":"EntryPoint","urlTemplate":"https:\/\/www.komtu.org\/es\/?s={search_term_string}"},"query-input":{"@type":"PropertyValueSpecification","valueRequired":true,"valueName":"search_term_string"}}],"inLanguage":"es"}]}},"_links":{"self":[{"href":"https:\/\/www.komtu.org\/es\/wp-json\/wp\/v2\/pages\/2135","targetHints":{"allow":["GET"]}}],"collection":[{"href":"https:\/\/www.komtu.org\/es\/wp-json\/wp\/v2\/pages"}],"about":[{"href":"https:\/\/www.komtu.org\/es\/wp-json\/wp\/v2\/types\/page"}],"author":[{"embeddable":true,"href":"https:\/\/www.komtu.org\/es\/wp-json\/wp\/v2\/users\/2"}],"replies":[{"embeddable":true,"href":"https:\/\/www.komtu.org\/es\/wp-json\/wp\/v2\/comments?post=2135"}],"version-history":[{"count":10,"href":"https:\/\/www.komtu.org\/es\/wp-json\/wp\/v2\/pages\/2135\/revisions"}],"predecessor-version":[{"id":4175,"href":"https:\/\/www.komtu.org\/es\/wp-json\/wp\/v2\/pages\/2135\/revisions\/4175"}],"wp:featuredmedia":[{"embeddable":true,"href":"https:\/\/www.komtu.org\/es\/wp-json\/wp\/v2\/media\/2039"}],"wp:attachment":[{"href":"https:\/\/www.komtu.org\/es\/wp-json\/wp\/v2\/media?parent=2135"}],"curies":[{"name":"wp","href":"https:\/\/api.w.org\/{rel}","templated":true}]}}