{"id":2122,"date":"2021-11-30T09:59:44","date_gmt":"2021-11-30T08:59:44","guid":{"rendered":"https:\/\/www.komtu.org\/escola-marinada\/"},"modified":"2023-11-20T10:27:33","modified_gmt":"2023-11-20T09:27:33","slug":"escuela-marinada","status":"publish","type":"page","link":"https:\/\/www.komtu.org\/es\/escuela-marinada\/","title":{"rendered":"ESCUELA MARINADA"},"content":{"rendered":"<div class=\"wpb-content-wrapper\"><p>[vc_row unlock_row_content=\u00bbyes\u00bb row_height_percent=\u00bb0&#8243; override_padding=\u00bbyes\u00bb h_padding=\u00bb0&#8243; top_padding=\u00bb2&#8243; bottom_padding=\u00bb0&#8243; overlay_alpha=\u00bb50&#8243; gutter_size=\u00bb3&#8243; column_width_percent=\u00bb40&#8243; shift_y=\u00bb0&#8243; z_index=\u00bb0&#8243; uncode_shortcode_id=\u00bb117802&#8243;][vc_column column_width_percent=\u00bb0&#8243; gutter_size=\u00bb3&#8243; overlay_alpha=\u00bb50&#8243; shift_x=\u00bb0&#8243; shift_y=\u00bb0&#8243; shift_y_down=\u00bb0&#8243; z_index=\u00bb0&#8243; medium_width=\u00bb0&#8243; mobile_width=\u00bb0&#8243; width=\u00bb1\/1&#8243; uncode_shortcode_id=\u00bb122986&#8243;][vc_empty_space empty_h=\u00bb0&#8243;][\/vc_column][\/vc_row][vc_row unlock_row=\u00bb\u00bb row_height_percent=\u00bb0&#8243; override_padding=\u00bbyes\u00bb h_padding=\u00bb2&#8243; top_padding=\u00bb1&#8243; bottom_padding=\u00bb1&#8243; overlay_alpha=\u00bb50&#8243; gutter_size=\u00bb3&#8243; column_width_percent=\u00bb100&#8243; shift_y=\u00bb0&#8243; z_index=\u00bb0&#8243; uncode_shortcode_id=\u00bb141143&#8243; back_color_type=\u00bbuncode-solid\u00bb back_color_solid=\u00bb#ee7140&#8243;][vc_column column_width_percent=\u00bb100&#8243; gutter_size=\u00bb3&#8243; override_padding=\u00bbyes\u00bb column_padding=\u00bb2&#8243; overlay_alpha=\u00bb50&#8243; shift_x=\u00bb0&#8243; shift_y=\u00bb0&#8243; shift_y_down=\u00bb0&#8243; z_index=\u00bb0&#8243; medium_width=\u00bb0&#8243; mobile_width=\u00bb0&#8243; width=\u00bb1\/1&#8243; uncode_shortcode_id=\u00bb124918&#8243;][vc_column_text text_color=\u00bbcolor-xsdn\u00bb uncode_shortcode_id=\u00bb157811&#8243; text_color_type=\u00bbuncode-palette\u00bb]La Escuela Marinada es un centro p\u00fablico de doble l\u00ednea, situado en Montorn\u00e8s del Vall\u00e8s. Est\u00e1n construyendo el Proyecto Educativo alrededor de las artes y las emociones. Quieren conectar la dimensi\u00f3n art\u00edstica y la dimensi\u00f3n personal para que su alumnado, a trav\u00e9s de la exploraci\u00f3n, la experimentaci\u00f3n, la curiosidad, la evocaci\u00f3n, la seguridad, la atenci\u00f3n, las relaciones y el bienestar, sea capaz de movilizar conocimientos, generar nuevas oportunidades de aprendizaje, aprender a mirar desde el pensamiento cr\u00edtico y facilitar diferentes lenguajes y mecanismos de comunicaci\u00f3n.[\/vc_column_text][\/vc_column][\/vc_row][vc_row unlock_row_content=\u00bbyes\u00bb row_height_percent=\u00bb85&#8243; override_padding=\u00bbyes\u00bb h_padding=\u00bb0&#8243; top_padding=\u00bb2&#8243; bottom_padding=\u00bb0&#8243; overlay_alpha=\u00bb50&#8243; gutter_size=\u00bb1&#8243; column_width_percent=\u00bb100&#8243; shift_y=\u00bb0&#8243; z_index=\u00bb0&#8243; el_class=\u00bbinverted-device-order\u00bb uncode_shortcode_id=\u00bb181540&#8243;][vc_column column_width_use_pixel=\u00bbyes\u00bb position_vertical=\u00bbmiddle\u00bb gutter_size=\u00bb2&#8243; override_padding=\u00bbyes\u00bb column_padding=\u00bb4&#8243; overlay_alpha=\u00bb50&#8243; shift_x=\u00bb0&#8243; shift_y=\u00bb0&#8243; shift_y_down=\u00bb0&#8243; z_index=\u00bb0&#8243; medium_width=\u00bb0&#8243; mobile_width=\u00bb0&#8243; width=\u00bb1\/2&#8243; column_width_pixel=\u00bb528&#8243; uncode_shortcode_id=\u00bb858025&#8243;][vc_column_text text_lead=\u00bbsmall\u00bb uncode_shortcode_id=\u00bb117364&#8243;]<span style=\"color: #000000\">Los maestros comparten experiencias y hacen visibles las propias pr\u00e1cticas. El arte tambi\u00e9n est\u00e1 presente en el trabajo que comparten con las familias, con lo que pretenden visibilizar los puntos en com\u00fan que tienen. A la vez, es uno de los centros de inter\u00e9s en el trabajo en red que tienen entre el centro y su entorno. Estos dos ejes vertebradores del proyecto de Marinada, les permite trabajar de forma globalizada atendiendo las necesidades de su alumnado.<\/span>[\/vc_column_text][\/vc_column][vc_column column_width_percent=\u00bb100&#8243; gutter_size=\u00bb0&#8243; override_padding=\u00bbyes\u00bb column_padding=\u00bb0&#8243; overlay_alpha=\u00bb50&#8243; shift_x=\u00bb0&#8243; shift_y=\u00bb0&#8243; shift_y_down=\u00bb0&#8243; z_index=\u00bb0&#8243; medium_width=\u00bb0&#8243; mobile_width=\u00bb0&#8243; width=\u00bb1\/2&#8243; mobile_height=\u00bb340&#8243; uncode_shortcode_id=\u00bb257683&#8243;][vc_single_image media=\u00bb1787&#8243; media_width_percent=\u00bb90&#8243; alignment=\u00bbright\u00bb uncode_shortcode_id=\u00bb182079&#8243;][\/vc_column][\/vc_row][vc_row row_height_percent=\u00bb0&#8243; overlay_alpha=\u00bb50&#8243; gutter_size=\u00bb3&#8243; column_width_percent=\u00bb100&#8243; shift_y=\u00bb0&#8243; z_index=\u00bb0&#8243;][vc_column width=\u00bb1\/1&#8243;][vc_row_inner][vc_column_inner width=\u00bb1\/3&#8243;][vc_icon position=\u00bbleft\u00bb space_reduced=\u00bbyes\u00bb icon=\u00bbfa fa-building\u00bb heading_semantic=\u00bbh6&#8243; text_size=\u00bb\u00bb text_lead=\u00bbsmall\u00bb link=\u00bb|||\u00bb title=\u00bbDirecci\u00f3n\u00bb uncode_shortcode_id=\u00bb218347&#8243; icon_color_type=\u00bbuncode-solid\u00bb icon_color_solid=\u00bb#ee7140&#8243;]<span style=\"color: #000000\">c\/ Llibertat s\/n, Montorn\u00e8s del Vall\u00e8s<\/span>[\/vc_icon][\/vc_column_inner][vc_column_inner width=\u00bb1\/3&#8243;][vc_icon position=\u00bbleft\u00bb space_reduced=\u00bbyes\u00bb icon=\u00bbfa fa-home2&#8243; heading_semantic=\u00bbh6&#8243; text_size=\u00bbh6&#8243; linked_title=\u00bbyes\u00bb text_lead=\u00bbsmall\u00bb title=\u00bbWeb\u00bb uncode_shortcode_id=\u00bb439967&#8243; icon_color_type=\u00bbuncode-solid\u00bb icon_color_solid=\u00bb#ee7140&#8243;]<a href=\"https:\/\/agora.xtec.cat\/ceipmarinada\/\">Acceder<\/a>[\/vc_icon][\/vc_column_inner][vc_column_inner width=\u00bb1\/3&#8243;][vc_icon position=\u00bbleft\u00bb space_reduced=\u00bbyes\u00bb icon=\u00bbfa fa-instagram\u00bb heading_semantic=\u00bbh6&#8243; text_size=\u00bbh6&#8243; linked_title=\u00bbyes\u00bb text_lead=\u00bbsmall\u00bb title=\u00bbInstagram\u00bb uncode_shortcode_id=\u00bb145327&#8243; icon_color_type=\u00bbuncode-solid\u00bb icon_color_solid=\u00bb#ee7140&#8243;]<a href=\"https:\/\/www.instagram.com\/marinadaescola\/\">@marinadaescola<\/a>[\/vc_icon][\/vc_column_inner][\/vc_row_inner][\/vc_column][\/vc_row][vc_row][vc_column width=\u00bb1\/1&#8243;][vc_row_inner][vc_column_inner width=\u00bb1\/3&#8243;][vc_single_image media=\u00bb1773&#8243; media_lightbox=\u00bbyes\u00bb media_width_percent=\u00bb100&#8243; media_ratio=\u00bbone-one\u00bb uncode_shortcode_id=\u00bb139890&#8243;][\/vc_column_inner][vc_column_inner width=\u00bb2\/3&#8243;][vc_column_text text_lead=\u00bbyes\u00bb]<\/p>\n<blockquote><p><em>\u00abLa situaci\u00f3n de crisis sanitaria vivida en 2020 nos hizo ver la necesidad que ten\u00edamos todos y todas de \u201cconectarnos\u201d con nosotros mismos\/as y con los dem\u00e1s. Conectarnos para conocernos mejor y para compartir y sentirnos mejor. Necesit\u00e1bamos herramientas que nos ayudaran a reflexionar sobre qu\u00e9 sentimos, qu\u00e9 queremos, qu\u00e9 ofrecemos, qu\u00e9 perciben los otros, c\u00f3mo ayudar a mejorar y sentirnos y hacer sentir mejor. Y tuvimos la oportunidad de entrar en el Programa Komt\u00fc, que nos ha permitido: tener tiempo y espacios de reflexi\u00f3n y herramientas para acompa\u00f1ar a la comunidad escolar en este proceso de bienestar y gesti\u00f3n de conflictos.\u00bb<\/em><\/p>\n<p><strong>Equipo docente de la Escuela Marinada.<\/strong><\/p><\/blockquote>\n<p>[\/vc_column_text][\/vc_column_inner][\/vc_row_inner][vc_empty_space empty_h=\u00bb2&#8243;][\/vc_column][\/vc_row]<\/p>\n<\/div>","protected":false},"excerpt":{"rendered":"[vc_row unlock_row_content=\"yes\" row_height_percent=\"0\" override_padding=\"yes\" h_padding=\"0\" top_padding=\"2\" bottom_padding=\"0\" overlay_alpha=\"50\" gutter_size=\"3\" column_width_percent=\"40\" shift_y=\"0\" z_index=\"0\" uncode_shortcode_id=\"117802\"][vc_column column_width_percent=\"0\" gutter_size=\"3\" overlay_alpha=\"50\" shift_x=\"0\" shift_y=\"0\" shift_y_down=\"0\" z_index=\"0\" [...]","protected":false},"author":2,"featured_media":1786,"parent":0,"menu_order":0,"comment_status":"closed","ping_status":"closed","template":"","meta":{"footnotes":""},"class_list":["post-2122","page","type-page","status-publish","has-post-thumbnail","hentry","page_category-escuelas-komtu"],"yoast_head":"<!-- This site is optimized with the Yoast SEO plugin v27.4 - https:\/\/yoast.com\/product\/yoast-seo-wordpress\/ -->\n<title>ESCUELA MARINADA - Komtu<\/title>\n<meta name=\"description\" content=\"La Escuela Marinada es un centro p\u00fablico de doble l\u00ednea, que est\u00e1 construyendo su Proyecto Educativo alrededor de las artes y las emociones.\" \/>\n<meta name=\"robots\" content=\"index, follow, max-snippet:-1, max-image-preview:large, max-video-preview:-1\" \/>\n<link rel=\"canonical\" href=\"https:\/\/www.komtu.org\/es\/escuela-marinada\/\" \/>\n<meta property=\"og:locale\" content=\"es_ES\" \/>\n<meta property=\"og:type\" content=\"article\" \/>\n<meta property=\"og:title\" content=\"ESCUELA MARINADA - Komtu\" \/>\n<meta property=\"og:description\" content=\"La Escuela Marinada es un centro p\u00fablico de doble l\u00ednea, que est\u00e1 construyendo su Proyecto Educativo alrededor de las artes y las emociones.\" \/>\n<meta property=\"og:url\" content=\"https:\/\/www.komtu.org\/es\/escuela-marinada\/\" \/>\n<meta property=\"og:site_name\" content=\"Komtu\" \/>\n<meta property=\"article:modified_time\" content=\"2023-11-20T09:27:33+00:00\" \/>\n<meta property=\"og:image\" content=\"https:\/\/www.komtu.org\/wp-content\/uploads\/sites\/3\/2021\/11\/cap\u00e7alera-web-marinada3.jpg\" \/>\n\t<meta property=\"og:image:width\" content=\"1366\" \/>\n\t<meta property=\"og:image:height\" content=\"768\" \/>\n\t<meta property=\"og:image:type\" content=\"image\/jpeg\" \/>\n<meta name=\"twitter:card\" content=\"summary_large_image\" \/>\n<meta name=\"twitter:label1\" content=\"Tiempo de lectura\" \/>\n\t<meta name=\"twitter:data1\" content=\"3 minutos\" \/>\n<script type=\"application\/ld+json\" class=\"yoast-schema-graph\">{\"@context\":\"https:\\\/\\\/schema.org\",\"@graph\":[{\"@type\":\"WebPage\",\"@id\":\"https:\\\/\\\/www.komtu.org\\\/es\\\/escuela-marinada\\\/\",\"url\":\"https:\\\/\\\/www.komtu.org\\\/es\\\/escuela-marinada\\\/\",\"name\":\"ESCUELA MARINADA - Komtu\",\"isPartOf\":{\"@id\":\"https:\\\/\\\/www.komtu.org\\\/es\\\/#website\"},\"primaryImageOfPage\":{\"@id\":\"https:\\\/\\\/www.komtu.org\\\/es\\\/escuela-marinada\\\/#primaryimage\"},\"image\":{\"@id\":\"https:\\\/\\\/www.komtu.org\\\/es\\\/escuela-marinada\\\/#primaryimage\"},\"thumbnailUrl\":\"https:\\\/\\\/www.komtu.org\\\/wp-content\\\/uploads\\\/sites\\\/3\\\/2021\\\/11\\\/cap\u00e7alera-web-marinada3.jpg\",\"datePublished\":\"2021-11-30T08:59:44+00:00\",\"dateModified\":\"2023-11-20T09:27:33+00:00\",\"description\":\"La Escuela Marinada es un centro p\u00fablico de doble l\u00ednea, que est\u00e1 construyendo su Proyecto Educativo alrededor de las artes y las emociones.\",\"breadcrumb\":{\"@id\":\"https:\\\/\\\/www.komtu.org\\\/es\\\/escuela-marinada\\\/#breadcrumb\"},\"inLanguage\":\"es\",\"potentialAction\":[{\"@type\":\"ReadAction\",\"target\":[\"https:\\\/\\\/www.komtu.org\\\/es\\\/escuela-marinada\\\/\"]}]},{\"@type\":\"ImageObject\",\"inLanguage\":\"es\",\"@id\":\"https:\\\/\\\/www.komtu.org\\\/es\\\/escuela-marinada\\\/#primaryimage\",\"url\":\"https:\\\/\\\/www.komtu.org\\\/wp-content\\\/uploads\\\/sites\\\/3\\\/2021\\\/11\\\/cap\u00e7alera-web-marinada3.jpg\",\"contentUrl\":\"https:\\\/\\\/www.komtu.org\\\/wp-content\\\/uploads\\\/sites\\\/3\\\/2021\\\/11\\\/cap\u00e7alera-web-marinada3.jpg\",\"width\":1366,\"height\":768},{\"@type\":\"BreadcrumbList\",\"@id\":\"https:\\\/\\\/www.komtu.org\\\/es\\\/escuela-marinada\\\/#breadcrumb\",\"itemListElement\":[{\"@type\":\"ListItem\",\"position\":1,\"name\":\"Portada\",\"item\":\"https:\\\/\\\/www.komtu.org\\\/es\\\/\"},{\"@type\":\"ListItem\",\"position\":2,\"name\":\"ESCUELA MARINADA\"}]},{\"@type\":\"WebSite\",\"@id\":\"https:\\\/\\\/www.komtu.org\\\/es\\\/#website\",\"url\":\"https:\\\/\\\/www.komtu.org\\\/es\\\/\",\"name\":\"Komtu\",\"description\":\"Otro sitio m\u00e1s de Nous Cims sitios\",\"potentialAction\":[{\"@type\":\"SearchAction\",\"target\":{\"@type\":\"EntryPoint\",\"urlTemplate\":\"https:\\\/\\\/www.komtu.org\\\/es\\\/?s={search_term_string}\"},\"query-input\":{\"@type\":\"PropertyValueSpecification\",\"valueRequired\":true,\"valueName\":\"search_term_string\"}}],\"inLanguage\":\"es\"}]}<\/script>\n<!-- \/ Yoast SEO plugin. -->","yoast_head_json":{"title":"ESCUELA MARINADA - Komtu","description":"La Escuela Marinada es un centro p\u00fablico de doble l\u00ednea, que est\u00e1 construyendo su Proyecto Educativo alrededor de las artes y las emociones.","robots":{"index":"index","follow":"follow","max-snippet":"max-snippet:-1","max-image-preview":"max-image-preview:large","max-video-preview":"max-video-preview:-1"},"canonical":"https:\/\/www.komtu.org\/es\/escuela-marinada\/","og_locale":"es_ES","og_type":"article","og_title":"ESCUELA MARINADA - Komtu","og_description":"La Escuela Marinada es un centro p\u00fablico de doble l\u00ednea, que est\u00e1 construyendo su Proyecto Educativo alrededor de las artes y las emociones.","og_url":"https:\/\/www.komtu.org\/es\/escuela-marinada\/","og_site_name":"Komtu","article_modified_time":"2023-11-20T09:27:33+00:00","og_image":[{"width":1366,"height":768,"url":"https:\/\/www.komtu.org\/wp-content\/uploads\/sites\/3\/2021\/11\/cap\u00e7alera-web-marinada3.jpg","type":"image\/jpeg"}],"twitter_card":"summary_large_image","twitter_misc":{"Tiempo de lectura":"3 minutos"},"schema":{"@context":"https:\/\/schema.org","@graph":[{"@type":"WebPage","@id":"https:\/\/www.komtu.org\/es\/escuela-marinada\/","url":"https:\/\/www.komtu.org\/es\/escuela-marinada\/","name":"ESCUELA MARINADA - Komtu","isPartOf":{"@id":"https:\/\/www.komtu.org\/es\/#website"},"primaryImageOfPage":{"@id":"https:\/\/www.komtu.org\/es\/escuela-marinada\/#primaryimage"},"image":{"@id":"https:\/\/www.komtu.org\/es\/escuela-marinada\/#primaryimage"},"thumbnailUrl":"https:\/\/www.komtu.org\/wp-content\/uploads\/sites\/3\/2021\/11\/cap\u00e7alera-web-marinada3.jpg","datePublished":"2021-11-30T08:59:44+00:00","dateModified":"2023-11-20T09:27:33+00:00","description":"La Escuela Marinada es un centro p\u00fablico de doble l\u00ednea, que est\u00e1 construyendo su Proyecto Educativo alrededor de las artes y las emociones.","breadcrumb":{"@id":"https:\/\/www.komtu.org\/es\/escuela-marinada\/#breadcrumb"},"inLanguage":"es","potentialAction":[{"@type":"ReadAction","target":["https:\/\/www.komtu.org\/es\/escuela-marinada\/"]}]},{"@type":"ImageObject","inLanguage":"es","@id":"https:\/\/www.komtu.org\/es\/escuela-marinada\/#primaryimage","url":"https:\/\/www.komtu.org\/wp-content\/uploads\/sites\/3\/2021\/11\/cap\u00e7alera-web-marinada3.jpg","contentUrl":"https:\/\/www.komtu.org\/wp-content\/uploads\/sites\/3\/2021\/11\/cap\u00e7alera-web-marinada3.jpg","width":1366,"height":768},{"@type":"BreadcrumbList","@id":"https:\/\/www.komtu.org\/es\/escuela-marinada\/#breadcrumb","itemListElement":[{"@type":"ListItem","position":1,"name":"Portada","item":"https:\/\/www.komtu.org\/es\/"},{"@type":"ListItem","position":2,"name":"ESCUELA MARINADA"}]},{"@type":"WebSite","@id":"https:\/\/www.komtu.org\/es\/#website","url":"https:\/\/www.komtu.org\/es\/","name":"Komtu","description":"Otro sitio m\u00e1s de Nous Cims sitios","potentialAction":[{"@type":"SearchAction","target":{"@type":"EntryPoint","urlTemplate":"https:\/\/www.komtu.org\/es\/?s={search_term_string}"},"query-input":{"@type":"PropertyValueSpecification","valueRequired":true,"valueName":"search_term_string"}}],"inLanguage":"es"}]}},"_links":{"self":[{"href":"https:\/\/www.komtu.org\/es\/wp-json\/wp\/v2\/pages\/2122","targetHints":{"allow":["GET"]}}],"collection":[{"href":"https:\/\/www.komtu.org\/es\/wp-json\/wp\/v2\/pages"}],"about":[{"href":"https:\/\/www.komtu.org\/es\/wp-json\/wp\/v2\/types\/page"}],"author":[{"embeddable":true,"href":"https:\/\/www.komtu.org\/es\/wp-json\/wp\/v2\/users\/2"}],"replies":[{"embeddable":true,"href":"https:\/\/www.komtu.org\/es\/wp-json\/wp\/v2\/comments?post=2122"}],"version-history":[{"count":14,"href":"https:\/\/www.komtu.org\/es\/wp-json\/wp\/v2\/pages\/2122\/revisions"}],"predecessor-version":[{"id":4171,"href":"https:\/\/www.komtu.org\/es\/wp-json\/wp\/v2\/pages\/2122\/revisions\/4171"}],"wp:featuredmedia":[{"embeddable":true,"href":"https:\/\/www.komtu.org\/es\/wp-json\/wp\/v2\/media\/1786"}],"wp:attachment":[{"href":"https:\/\/www.komtu.org\/es\/wp-json\/wp\/v2\/media?parent=2122"}],"curies":[{"name":"wp","href":"https:\/\/api.w.org\/{rel}","templated":true}]}}